{"id":270,"date":"2025-08-05T06:33:55","date_gmt":"2025-08-05T06:33:55","guid":{"rendered":"https:\/\/demo.awaikenthemes.com\/codeio\/?page_id=270"},"modified":"2026-02-22T22:21:21","modified_gmt":"2026-02-23T03:21:21","slug":"social-responsibility","status":"publish","type":"page","link":"https:\/\/urbadigital.com\/es\/social-responsibility\/","title":{"rendered":"Responsabilidad social"},"content":{"rendered":"<div data-elementor-type=\"wp-page\" data-elementor-id=\"270\" class=\"elementor elementor-270\" data-elementor-post-type=\"page\">\n\t\t\t\t<div class=\"elementor-element elementor-element-070cc49 about-section-dark e-flex e-con-boxed e-con e-parent\" data-id=\"070cc49\" data-element_type=\"container\" data-e-type=\"container\">\n\t\t\t\t\t<div class=\"e-con-inner\">\n\t\t<div class=\"elementor-element elementor-element-1a83f8d e-con-full e-flex e-con e-child\" data-id=\"1a83f8d\" data-element_type=\"container\" data-e-type=\"container\">\n\t\t<div class=\"elementor-element elementor-element-4b7226a e-con-full sticky-column e-flex e-con e-child\" data-id=\"4b7226a\" data-element_type=\"container\" data-e-type=\"container\">\n\t\t\t\t<div class=\"elementor-element elementor-element-1e79fe9 section-title at-heading-animation at-animation-heading-none elementor-invisible elementor-widget elementor-widget-heading\" data-id=\"1e79fe9\" data-element_type=\"widget\" data-e-type=\"widget\" data-settings=\"{&quot;_animation&quot;:&quot;fadeInUp&quot;,&quot;ekit_we_effect_on&quot;:&quot;none&quot;}\" data-widget_type=\"heading.default\">\n\t\t\t\t\t<h3 class=\"elementor-heading-title elementor-size-default\">Nuestros proyectos de responsabilidad social<\/h3>\t\t\t\t<\/div>\n\t\t\t\t<\/div>\n\t\t\t\t<\/div>\n\t\t<div class=\"elementor-element elementor-element-e01a7d6 e-con-full e-flex e-con e-child\" data-id=\"e01a7d6\" data-element_type=\"container\" data-e-type=\"container\">\n\t\t\t\t<div class=\"elementor-element elementor-element-21e50bb at-heading-animation at-animation-heading-style-4 elementor-widget elementor-widget-heading\" data-id=\"21e50bb\" data-element_type=\"widget\" data-e-type=\"widget\" data-settings=\"{&quot;ekit_we_effect_on&quot;:&quot;none&quot;}\" data-widget_type=\"heading.default\">\n\t\t\t\t\t<h2 class=\"elementor-heading-title elementor-size-default\">Nuestro compromiso con la responsabilidad social<\/h2>\t\t\t\t<\/div>\n\t\t\t\t<div class=\"elementor-element elementor-element-7c41c77 elementor-invisible elementor-widget elementor-widget-text-editor\" data-id=\"7c41c77\" data-element_type=\"widget\" data-e-type=\"widget\" data-settings=\"{&quot;_animation&quot;:&quot;fadeInUp&quot;,&quot;ekit_we_effect_on&quot;:&quot;none&quot;}\" data-widget_type=\"text-editor.default\">\n\t\t\t\t\t\t\t\t\t<p><span class=\"rnc2Gd\" data-ast-node-id=\"6\">Como parte del compromiso de urbadigital con la responsabilidad social, hemos colaborado activamente con la\u00a0<\/span><strong><span class=\"rnc2Gd\" data-ast-node-id=\"7\">Fundaci\u00f3n San Francisco Global (SFG)<\/span><\/strong><span class=\"rnc2Gd\" data-ast-node-id=\"8\">, una organizaci\u00f3n sin fines de lucro dedicada a aprovechar la tecnolog\u00eda para el bien social. Nuestros esfuerzos conjuntos se han centrado en iniciativas que buscan el desarrollo productivo, comercial, colaborativo e innovador de grupos vulnerables y diferentes ciudades de Ecuador. Esta asociaci\u00f3n se centra en los pilares clave de la gesti\u00f3n de SFG:<\/span><\/p><ul class=\"gdAMzb\"><li class=\"rnc2Gd\"><strong><span class=\"rnc2Gd\" data-ast-node-id=\"9\">Proyectos basados en tecnolog\u00eda:<\/span><\/strong><span class=\"rnc2Gd\" data-ast-node-id=\"10\">\u00a0Apoyar el desarrollo de plataformas digitales y fomentar el acceso a datos e informaci\u00f3n abiertos para promover la transparencia y la participaci\u00f3n ciudadana.<\/span><\/li><li class=\"rnc2Gd\"><strong><span class=\"rnc2Gd\" data-ast-node-id=\"11\">Innovaci\u00f3n:<\/span><\/strong><span class=\"rnc2Gd\" data-ast-node-id=\"12\">\u00a0Promover un enfoque participativo y de construcci\u00f3n colectiva, utilizando metodolog\u00edas y herramientas de innovaci\u00f3n abiertas, p\u00fablicas y sociales.<\/span><\/li><li class=\"rnc2Gd\"><div class=\"pA4Vnf\" dir=\"auto\"><div><strong><span data-ast-node-id=\"15\">Proyectos colaborativos destacados: <\/span><\/strong><span data-ast-node-id=\"16\">A trav\u00e9s de nuestra asociaci\u00f3n con la Fundaci\u00f3n Global San Francisco, urbadigital ha apoyado iniciativas sociales para fomentar la innovaci\u00f3n y la gesti\u00f3n en Ecuador. Estos proyectos sirven como herramientas vitales para impulsar el cambio social a trav\u00e9s de la tecnolog\u00eda y los datos abiertos:<br \/><br \/><\/span><\/div><div><ul class=\"gdAMzb\"><li><strong><span data-ast-node-id=\"17\">Thinkia \u2013 Laboratorio de innovaci\u00f3n:<\/span><\/strong><span data-ast-node-id=\"18\">\u00a0Una plataforma que gestiona el ecosistema de innovaci\u00f3n de Ecuador.<\/span><\/li><li><strong><span data-ast-node-id=\"19\">Colaboratorio Ciudadano:<\/span><\/strong><span data-ast-node-id=\"20\">\u00a0Una plataforma que permit\u00eda gestionar donaciones,\u00a0<\/span><strong><span data-ast-node-id=\"21\">incluidos ashangas (fardos tradicionales) y m\u00e1scaras,<\/span><\/strong><span data-ast-node-id=\"22\">\u00a0y comercio electr\u00f3nico para las comunidades ind\u00edgenas de Ecuador\u00a0<\/span><strong><span data-ast-node-id=\"23\">durante la pandemia de COVID-19.<br \/><\/span><\/strong><\/li><li class=\"rnc2Gd\"><strong><span class=\"rnc2Gd\" data-ast-node-id=\"22\">Indice de Innovaci\u00f3n:<\/span><\/strong><span class=\"rnc2Gd\" data-ast-node-id=\"23\">\u00a0Un proyecto enfocado en medir, analizar e impulsar indicadores de innovaci\u00f3n dentro del pa\u00eds.<\/span><\/li><li><strong><span data-ast-node-id=\"24\">Gobierno Abierto:<\/span><\/strong><span data-ast-node-id=\"25\">\u00a0Desarrollo de herramientas dise\u00f1adas para promover la transparencia, la colaboraci\u00f3n ciudadana y la participaci\u00f3n directa en los procesos gubernamentales.<\/span><\/li><li><strong><span data-ast-node-id=\"26\">Datos Abiertos:<\/span><\/strong><span data-ast-node-id=\"27\">\u00a0Iniciativas enfocadas en aumentar el acceso p\u00fablico a datos esenciales e informaci\u00f3n abierta.<\/span><\/li><li><strong><span data-ast-node-id=\"28\">Laboratorio de Innovaci\u00f3n:<\/span><\/strong><span data-ast-node-id=\"29\">\u00a0Programas destinados a generar, promover y evaluar ideas de desarrollo y fomentar la creatividad y el liderazgo.<\/span><\/li><li><strong><span data-ast-node-id=\"34\">Observatorio de la Productividad del Ecuador:<\/span><\/strong><span data-ast-node-id=\"35\"> Herramienta especializada utilizada para analizar e impulsar los indicadores de productividad dentro del pa\u00eds.<\/span><span class=\"rnc2Gd\" data-ast-node-id=\"14\"><span class=\"rnc2Gd\" data-ast-node-id=\"14\"><br \/><\/span><\/span><\/li><\/ul><\/div><\/div><\/li><\/ul>\t\t\t\t\t\t\t\t<\/div>\n\t\t<div class=\"elementor-element elementor-element-30976dd e-con-full e-flex e-con e-child\" data-id=\"30976dd\" data-element_type=\"container\" data-e-type=\"container\">\n\t\t<div class=\"elementor-element elementor-element-aaccbfa e-con-full e-flex elementor-invisible e-con e-child\" data-id=\"aaccbfa\" data-element_type=\"container\" data-e-type=\"container\" data-settings=\"{&quot;background_background&quot;:&quot;classic&quot;,&quot;animation&quot;:&quot;fadeInUp&quot;}\">\n\t\t<div class=\"elementor-element elementor-element-83a3103 e-con-full e-flex e-con e-child\" data-id=\"83a3103\" data-element_type=\"container\" data-e-type=\"container\" data-settings=\"{&quot;background_background&quot;:&quot;classic&quot;}\">\n\t\t\t\t<\/div>\n\t\t<div class=\"elementor-element elementor-element-3de02cf e-con-full why-choose-body e-flex e-con e-child\" data-id=\"3de02cf\" data-element_type=\"container\" data-e-type=\"container\" data-settings=\"{&quot;background_background&quot;:&quot;classic&quot;}\">\n\t\t\t\t<div class=\"elementor-element elementor-element-f4d7b25 elementor-align-start elementor-icon-list--layout-traditional elementor-list-item-link-full_width elementor-widget elementor-widget-icon-list\" data-id=\"f4d7b25\" data-element_type=\"widget\" data-e-type=\"widget\" data-settings=\"{&quot;ekit_we_effect_on&quot;:&quot;none&quot;}\" data-widget_type=\"icon-list.default\">\n\t\t\t\t\t\t\t<ul class=\"elementor-icon-list-items\">\n\t\t\t\t\t\t\t<li class=\"elementor-icon-list-item\">\n\t\t\t\t\t\t\t\t\t\t<span class=\"elementor-icon-list-text\">Colaboratorio Ciudadano<\/span>\n\t\t\t\t\t\t\t\t\t<\/li>\n\t\t\t\t\t\t<\/ul>\n\t\t\t\t\t\t<\/div>\n\t\t\t\t<div class=\"elementor-element elementor-element-3fd8eb2 elementor-align-left why-choose-body-btn elementor-widget elementor-widget-elementskit-button\" data-id=\"3fd8eb2\" data-element_type=\"widget\" data-e-type=\"widget\" data-settings=\"{&quot;ekit_we_effect_on&quot;:&quot;none&quot;}\" data-widget_type=\"elementskit-button.default\">\n\t\t\t\t\t<div class=\"ekit-wid-con\" >\t\t<div class=\"ekit-btn-wraper\">\n\t\t\t\t\t\t\t<a href=\"https:\/\/www.undp.org\/es\/ecuador\/noticias\/pnud-y-la-fundacion-san-francisco-global-lanzan-plataforma-solidaria-colaboratorio-ciudadano\" class=\"elementskit-btn  whitespace--normal\" id=\"\">\n\t\t\t\t\tM\u00e1s informaci\u00f3n <svg xmlns=\"http:\/\/www.w3.org\/2000\/svg\" width=\"10\" height=\"10\" viewbox=\"0 0 10 10\" fill=\"currentColor\"><path d=\"M8.33624 2.84003L1.17628 10L0 8.82373L7.15913 1.66376H0.849348V0H10V9.15065H8.33624V2.84003Z\"><\/path><\/svg>\t\t\t\t<\/a>\n\t\t\t\t\t<\/div>\n        <\/div>\t\t\t\t<\/div>\n\t\t\t\t<\/div>\n\t\t\t\t<\/div>\n\t\t<div class=\"elementor-element elementor-element-7972116 e-con-full e-flex elementor-invisible e-con e-child\" data-id=\"7972116\" data-element_type=\"container\" data-e-type=\"container\" data-settings=\"{&quot;background_background&quot;:&quot;classic&quot;,&quot;animation&quot;:&quot;fadeInUp&quot;,&quot;animation_delay&quot;:100}\">\n\t\t<div class=\"elementor-element elementor-element-327b32e e-con-full e-flex e-con e-child\" data-id=\"327b32e\" data-element_type=\"container\" data-e-type=\"container\" data-settings=\"{&quot;background_background&quot;:&quot;classic&quot;}\">\n\t\t\t\t<\/div>\n\t\t<div class=\"elementor-element elementor-element-f76051b e-con-full why-choose-body e-flex e-con e-child\" data-id=\"f76051b\" data-element_type=\"container\" data-e-type=\"container\" data-settings=\"{&quot;background_background&quot;:&quot;classic&quot;}\">\n\t\t\t\t<div class=\"elementor-element elementor-element-3930682 elementor-align-start elementor-icon-list--layout-traditional elementor-list-item-link-full_width elementor-widget elementor-widget-icon-list\" data-id=\"3930682\" data-element_type=\"widget\" data-e-type=\"widget\" data-settings=\"{&quot;ekit_we_effect_on&quot;:&quot;none&quot;}\" data-widget_type=\"icon-list.default\">\n\t\t\t\t\t\t\t<ul class=\"elementor-icon-list-items\">\n\t\t\t\t\t\t\t<li class=\"elementor-icon-list-item\">\n\t\t\t\t\t\t\t\t\t\t<span class=\"elementor-icon-list-text\">Laboratorio de innovaci\u00f3n Thinkia<\/span>\n\t\t\t\t\t\t\t\t\t<\/li>\n\t\t\t\t\t\t<\/ul>\n\t\t\t\t\t\t<\/div>\n\t\t\t\t<div class=\"elementor-element elementor-element-e4f4725 elementor-align-left why-choose-body-btn elementor-widget elementor-widget-elementskit-button\" data-id=\"e4f4725\" data-element_type=\"widget\" data-e-type=\"widget\" data-settings=\"{&quot;ekit_we_effect_on&quot;:&quot;none&quot;}\" data-widget_type=\"elementskit-button.default\">\n\t\t\t\t\t<div class=\"ekit-wid-con\" >\t\t<div class=\"ekit-btn-wraper\">\n\t\t\t\t\t\t\t<a href=\"https:\/\/www.undp.org\/es\/ecuador\/noticias\/thinkia-promovera-innovacion-abierta-y-colaborativa\" class=\"elementskit-btn  whitespace--normal\" id=\"\">\n\t\t\t\t\tM\u00e1s informaci\u00f3n <svg xmlns=\"http:\/\/www.w3.org\/2000\/svg\" width=\"10\" height=\"10\" viewbox=\"0 0 10 10\" fill=\"currentColor\"><path d=\"M8.33624 2.84003L1.17628 10L0 8.82373L7.15913 1.66376H0.849348V0H10V9.15065H8.33624V2.84003Z\"><\/path><\/svg>\t\t\t\t<\/a>\n\t\t\t\t\t<\/div>\n        <\/div>\t\t\t\t<\/div>\n\t\t\t\t<\/div>\n\t\t\t\t<\/div>\n\t\t\t\t<\/div>\n\t\t<div class=\"elementor-element elementor-element-89be95a e-con-full e-flex e-con e-child\" data-id=\"89be95a\" data-element_type=\"container\" data-e-type=\"container\">\n\t\t<div class=\"elementor-element elementor-element-8e030bf e-con-full e-flex elementor-invisible e-con e-child\" data-id=\"8e030bf\" data-element_type=\"container\" data-e-type=\"container\" data-settings=\"{&quot;background_background&quot;:&quot;classic&quot;,&quot;animation&quot;:&quot;fadeInUp&quot;}\">\n\t\t<div class=\"elementor-element elementor-element-d3d6f8a e-con-full e-flex e-con e-child\" data-id=\"d3d6f8a\" data-element_type=\"container\" data-e-type=\"container\" data-settings=\"{&quot;background_background&quot;:&quot;classic&quot;}\">\n\t\t\t\t<\/div>\n\t\t<div class=\"elementor-element elementor-element-fcdb8d6 e-con-full why-choose-body e-flex e-con e-child\" data-id=\"fcdb8d6\" data-element_type=\"container\" data-e-type=\"container\" data-settings=\"{&quot;background_background&quot;:&quot;classic&quot;}\">\n\t\t\t\t<div class=\"elementor-element elementor-element-e2d88c8 elementor-align-start elementor-icon-list--layout-traditional elementor-list-item-link-full_width elementor-widget elementor-widget-icon-list\" data-id=\"e2d88c8\" data-element_type=\"widget\" data-e-type=\"widget\" data-settings=\"{&quot;ekit_we_effect_on&quot;:&quot;none&quot;}\" data-widget_type=\"icon-list.default\">\n\t\t\t\t\t\t\t<ul class=\"elementor-icon-list-items\">\n\t\t\t\t\t\t\t<li class=\"elementor-icon-list-item\">\n\t\t\t\t\t\t\t\t\t\t<span class=\"elementor-icon-list-text\">Ashangas Amaz\u00f3nica<\/span>\n\t\t\t\t\t\t\t\t\t<\/li>\n\t\t\t\t\t\t<\/ul>\n\t\t\t\t\t\t<\/div>\n\t\t\t\t<div class=\"elementor-element elementor-element-5763419 elementor-align-left why-choose-body-btn elementor-widget elementor-widget-elementskit-button\" data-id=\"5763419\" data-element_type=\"widget\" data-e-type=\"widget\" data-settings=\"{&quot;ekit_we_effect_on&quot;:&quot;none&quot;}\" data-widget_type=\"elementskit-button.default\">\n\t\t\t\t\t<div class=\"ekit-wid-con\" >\t\t<div class=\"ekit-btn-wraper\">\n\t\t\t\t\t\t\t<a href=\"https:\/\/www.proamazonia.org\/ppr\/ashangas-amazonicas-una-iniciativa-que-promueve-la-produccion-sostenible-y-comercializacion-de-los-productos-provenientes-de-las-chakras\/\" class=\"elementskit-btn  whitespace--normal\" id=\"\">\n\t\t\t\t\tM\u00e1s informaci\u00f3n <svg xmlns=\"http:\/\/www.w3.org\/2000\/svg\" width=\"10\" height=\"10\" viewbox=\"0 0 10 10\" fill=\"currentColor\"><path d=\"M8.33624 2.84003L1.17628 10L0 8.82373L7.15913 1.66376H0.849348V0H10V9.15065H8.33624V2.84003Z\"><\/path><\/svg>\t\t\t\t<\/a>\n\t\t\t\t\t<\/div>\n        <\/div>\t\t\t\t<\/div>\n\t\t\t\t<\/div>\n\t\t\t\t<\/div>\n\t\t\t\t<\/div>\n\t\t\t\t<\/div>\n\t\t\t\t\t<\/div>\n\t\t\t\t<\/div>\n\t\t\t\t<\/div>","protected":false},"excerpt":{"rendered":"<p>Our social responsibility projects Our Commitment to Social [&hellip;]<\/p>\n","protected":false},"author":1,"featured_media":0,"parent":0,"menu_order":0,"comment_status":"closed","ping_status":"closed","template":"elementor_header_footer","meta":{"_angie_page":false,"_monsterinsights_skip_tracking":false,"_monsterinsights_sitenote_active":false,"_monsterinsights_sitenote_note":"","_monsterinsights_sitenote_category":0,"footnotes":""},"class_list":["post-270","page","type-page","status-publish","hentry"],"aioseo_notices":[],"_links":{"self":[{"href":"https:\/\/urbadigital.com\/es\/wp-json\/wp\/v2\/pages\/270","targetHints":{"allow":["GET"]}}],"collection":[{"href":"https:\/\/urbadigital.com\/es\/wp-json\/wp\/v2\/pages"}],"about":[{"href":"https:\/\/urbadigital.com\/es\/wp-json\/wp\/v2\/types\/page"}],"author":[{"embeddable":true,"href":"https:\/\/urbadigital.com\/es\/wp-json\/wp\/v2\/users\/1"}],"replies":[{"embeddable":true,"href":"https:\/\/urbadigital.com\/es\/wp-json\/wp\/v2\/comments?post=270"}],"version-history":[{"count":6,"href":"https:\/\/urbadigital.com\/es\/wp-json\/wp\/v2\/pages\/270\/revisions"}],"predecessor-version":[{"id":13894,"href":"https:\/\/urbadigital.com\/es\/wp-json\/wp\/v2\/pages\/270\/revisions\/13894"}],"wp:attachment":[{"href":"https:\/\/urbadigital.com\/es\/wp-json\/wp\/v2\/media?parent=270"}],"curies":[{"name":"wp","href":"https:\/\/api.w.org\/{rel}","templated":true}]}}